{"id":4660,"date":"2022-09-07T04:09:27","date_gmt":"2022-09-07T04:09:27","guid":{"rendered":"https:\/\/kodesolution.com\/2022\/fesho\/?page_id=4660"},"modified":"2024-11-14T01:40:00","modified_gmt":"2024-11-14T01:40:00","slug":"tableros-de-visualizacion","status":"publish","type":"page","link":"https:\/\/ejecafeterorap.gov.co\/cartografia\/","title":{"rendered":"Tableros de visualizaci\u00f3n"},"content":{"rendered":"\t\t<div data-elementor-type=\"wp-page\" data-elementor-id=\"4660\" class=\"elementor elementor-4660\" data-elementor-post-type=\"page\">\n\t\t\t\t\t\t<section class=\"elementor-section elementor-top-section elementor-element elementor-element-626e80e elementor-section-stretched elementor-section-boxed elementor-section-height-default elementor-section-height-default tm-col-stretched-none tm-bg-color-over-image\" data-id=\"626e80e\" data-element_type=\"section\" data-settings=\"{&quot;stretch_section&quot;:&quot;section-stretched&quot;}\">\n\t\t\t\t\t\t<div class=\"elementor-container elementor-column-gap-extended\">\n\t\t\t\t\t<div class=\"elementor-column elementor-col-100 elementor-top-column elementor-element elementor-element-3c6ecd7 tm-bg-color-over-image\" data-id=\"3c6ecd7\" data-element_type=\"column\">\n\t\t\t<div class=\"elementor-widget-wrap elementor-element-populated\">\n\t\t\t\t\t\t<div class=\"elementor-element elementor-element-50c1680 elementor-widget elementor-widget-tm-ele-cpt-projects\" data-id=\"50c1680\" data-element_type=\"widget\" data-widget_type=\"tm-ele-cpt-projects.skin-style-current-theme1\">\n\t\t\t\t<div class=\"elementor-widget-container\">\n\t\t\t\t\t\r\n\t<div class=\"tm-sc-projects tm-sc-projects-grid border-radius-around-box\">\r\n\t\t\r\n\t\r\n\t\t<!-- Isotope Gallery Grid -->\r\n\t\t<div id=\"projects-holder-752146\" class=\"isotope-layout grid-3 gutter-15 clearfix\">\r\n\t\t\t<div class=\"isotope-layout-inner\">\r\n\r\n                <!-- the loop -->\r\n                                                <div class=\"isotope-item cartografia\">\r\n                    <div class=\"projects-current-theme1\">\r\n    <div class=\"inner-box\">\r\n        <div class=\"image-box\">\r\n            <div class=\"image\">\r\n            \t<a href=\"https:\/\/ejecafeterorap.gov.co\/cartografia\/projects\/sistema-de-informacion-usos-y-vocacion-del-suelo-rap-eje-cafetero\/\" class=\"lightbox-image\">\r\n\t\t\t\t\t\t\t\t<img fetchpriority=\"high\" decoding=\"async\" width=\"700\" height=\"800\" src=\"https:\/\/ejecafeterorap.gov.co\/cartografia\/wp-content\/uploads\/sites\/14\/2023\/06\/produccion.webp\" class=\"img-fullwidth wp-post-image\" alt=\"\" srcset=\"https:\/\/ejecafeterorap.gov.co\/cartografia\/wp-content\/uploads\/sites\/14\/2023\/06\/produccion.webp 700w, https:\/\/ejecafeterorap.gov.co\/cartografia\/wp-content\/uploads\/sites\/14\/2023\/06\/produccion-263x300.webp 263w, https:\/\/ejecafeterorap.gov.co\/cartografia\/wp-content\/uploads\/sites\/14\/2023\/06\/produccion-600x686.webp 600w\" sizes=\"(max-width: 700px) 100vw, 700px\" \/>            \t<\/a>\r\n            <\/div>\r\n            <a href=\"https:\/\/ejecafeterorap.gov.co\/cartografia\/projects\/sistema-de-informacion-usos-y-vocacion-del-suelo-rap-eje-cafetero\/\" class=\"icon\"><i class=\"fa fa-long-arrow-alt-right\"><\/i><\/a>\r\n        <\/div>\r\n        <div class=\"content-box\">\r\n\t\t\t\t\t\t\t\t\t\t\t<h4 class=\"title\"><a href=\"https:\/\/ejecafeterorap.gov.co\/cartografia\/projects\/sistema-de-informacion-usos-y-vocacion-del-suelo-rap-eje-cafetero\/\">Sistema de informaci\u00f3n Usos y Vocaci\u00f3n del Suelo RAP Eje Cafetero.<\/a><\/h4>\r\n\t\t\t\t\t\r\n\t\t\t\t\t        <\/div>\r\n    <\/div>\r\n<\/div>                <\/div>\r\n                                                <div class=\"isotope-item cartografia\">\r\n                    <div class=\"projects-current-theme1\">\r\n    <div class=\"inner-box\">\r\n        <div class=\"image-box\">\r\n            <div class=\"image\">\r\n            \t<a href=\"https:\/\/ejecafeterorap.gov.co\/cartografia\/projects\/sistema-de-informacion-gestion-del-riesgo-de-la-rap-eje-cafetero\/\" class=\"lightbox-image\">\r\n\t\t\t\t\t\t\t\t<img decoding=\"async\" width=\"700\" height=\"800\" src=\"https:\/\/ejecafeterorap.gov.co\/cartografia\/wp-content\/uploads\/sites\/14\/2024\/08\/gestion.webp\" class=\"img-fullwidth wp-post-image\" alt=\"\" srcset=\"https:\/\/ejecafeterorap.gov.co\/cartografia\/wp-content\/uploads\/sites\/14\/2024\/08\/gestion.webp 700w, https:\/\/ejecafeterorap.gov.co\/cartografia\/wp-content\/uploads\/sites\/14\/2024\/08\/gestion-263x300.webp 263w\" sizes=\"(max-width: 700px) 100vw, 700px\" \/>            \t<\/a>\r\n            <\/div>\r\n            <a href=\"https:\/\/ejecafeterorap.gov.co\/cartografia\/projects\/sistema-de-informacion-gestion-del-riesgo-de-la-rap-eje-cafetero\/\" class=\"icon\"><i class=\"fa fa-long-arrow-alt-right\"><\/i><\/a>\r\n        <\/div>\r\n        <div class=\"content-box\">\r\n\t\t\t\t\t\t\t\t\t\t\t<h4 class=\"title\"><a href=\"https:\/\/ejecafeterorap.gov.co\/cartografia\/projects\/sistema-de-informacion-gestion-del-riesgo-de-la-rap-eje-cafetero\/\">Sistema de informaci\u00f3n Gesti\u00f3n del riesgo de la RAP Eje Cafetero<\/a><\/h4>\r\n\t\t\t\t\t\r\n\t\t\t\t\t        <\/div>\r\n    <\/div>\r\n<\/div>                <\/div>\r\n                                                <div class=\"isotope-item cartografia\">\r\n                    <div class=\"projects-current-theme1\">\r\n    <div class=\"inner-box\">\r\n        <div class=\"image-box\">\r\n            <div class=\"image\">\r\n            \t<a href=\"https:\/\/ejecafeterorap.gov.co\/cartografia\/projects\/sistema-de-informacion-division-politico-administrativa-rap-eje-cafetero\/\" class=\"lightbox-image\">\r\n\t\t\t\t\t\t\t\t<img decoding=\"async\" width=\"700\" height=\"800\" src=\"https:\/\/ejecafeterorap.gov.co\/cartografia\/wp-content\/uploads\/sites\/14\/2024\/08\/division.webp\" class=\"img-fullwidth wp-post-image\" alt=\"\" srcset=\"https:\/\/ejecafeterorap.gov.co\/cartografia\/wp-content\/uploads\/sites\/14\/2024\/08\/division.webp 700w, https:\/\/ejecafeterorap.gov.co\/cartografia\/wp-content\/uploads\/sites\/14\/2024\/08\/division-263x300.webp 263w\" sizes=\"(max-width: 700px) 100vw, 700px\" \/>            \t<\/a>\r\n            <\/div>\r\n            <a href=\"https:\/\/ejecafeterorap.gov.co\/cartografia\/projects\/sistema-de-informacion-division-politico-administrativa-rap-eje-cafetero\/\" class=\"icon\"><i class=\"fa fa-long-arrow-alt-right\"><\/i><\/a>\r\n        <\/div>\r\n        <div class=\"content-box\">\r\n\t\t\t\t\t\t\t\t\t\t\t<h4 class=\"title\"><a href=\"https:\/\/ejecafeterorap.gov.co\/cartografia\/projects\/sistema-de-informacion-division-politico-administrativa-rap-eje-cafetero\/\">Sistema de informaci\u00f3n Divisi\u00f3n Pol\u00edtico administrativa RAP Eje Cafetero<\/a><\/h4>\r\n\t\t\t\t\t\r\n\t\t\t\t\t        <\/div>\r\n    <\/div>\r\n<\/div>                <\/div>\r\n                                                <div class=\"isotope-item cartografia\">\r\n                    <div class=\"projects-current-theme1\">\r\n    <div class=\"inner-box\">\r\n        <div class=\"image-box\">\r\n            <div class=\"image\">\r\n            \t<a href=\"https:\/\/ejecafeterorap.gov.co\/cartografia\/projects\/sistema-de-informacion-ambiental-de-la-rap-eje-cafetero\/\" class=\"lightbox-image\">\r\n\t\t\t\t\t\t\t\t<img loading=\"lazy\" decoding=\"async\" width=\"700\" height=\"800\" src=\"https:\/\/ejecafeterorap.gov.co\/cartografia\/wp-content\/uploads\/sites\/14\/2024\/08\/medio.webp\" class=\"img-fullwidth wp-post-image\" alt=\"\" srcset=\"https:\/\/ejecafeterorap.gov.co\/cartografia\/wp-content\/uploads\/sites\/14\/2024\/08\/medio.webp 700w, https:\/\/ejecafeterorap.gov.co\/cartografia\/wp-content\/uploads\/sites\/14\/2024\/08\/medio-263x300.webp 263w\" sizes=\"(max-width: 700px) 100vw, 700px\" \/>            \t<\/a>\r\n            <\/div>\r\n            <a href=\"https:\/\/ejecafeterorap.gov.co\/cartografia\/projects\/sistema-de-informacion-ambiental-de-la-rap-eje-cafetero\/\" class=\"icon\"><i class=\"fa fa-long-arrow-alt-right\"><\/i><\/a>\r\n        <\/div>\r\n        <div class=\"content-box\">\r\n\t\t\t\t\t\t\t\t\t\t\t<h4 class=\"title\"><a href=\"https:\/\/ejecafeterorap.gov.co\/cartografia\/projects\/sistema-de-informacion-ambiental-de-la-rap-eje-cafetero\/\">Sistema de informaci\u00f3n Ambiental de la RAP Eje Cafetero<\/a><\/h4>\r\n\t\t\t\t\t\r\n\t\t\t\t\t        <\/div>\r\n    <\/div>\r\n<\/div>                <\/div>\r\n                                                <div class=\"isotope-item cartografia\">\r\n                    <div class=\"projects-current-theme1\">\r\n    <div class=\"inner-box\">\r\n        <div class=\"image-box\">\r\n            <div class=\"image\">\r\n            \t<a href=\"https:\/\/ejecafeterorap.gov.co\/cartografia\/projects\/sistema-de-informacion-agro-productivo-de-la-rap-eje-cafetero\/\" class=\"lightbox-image\">\r\n\t\t\t\t\t\t\t\t<img loading=\"lazy\" decoding=\"async\" width=\"700\" height=\"800\" src=\"https:\/\/ejecafeterorap.gov.co\/cartografia\/wp-content\/uploads\/sites\/14\/2023\/06\/abastecimiento.webp\" class=\"img-fullwidth wp-post-image\" alt=\"\" srcset=\"https:\/\/ejecafeterorap.gov.co\/cartografia\/wp-content\/uploads\/sites\/14\/2023\/06\/abastecimiento.webp 700w, https:\/\/ejecafeterorap.gov.co\/cartografia\/wp-content\/uploads\/sites\/14\/2023\/06\/abastecimiento-263x300.webp 263w, https:\/\/ejecafeterorap.gov.co\/cartografia\/wp-content\/uploads\/sites\/14\/2023\/06\/abastecimiento-600x686.webp 600w\" sizes=\"(max-width: 700px) 100vw, 700px\" \/>            \t<\/a>\r\n            <\/div>\r\n            <a href=\"https:\/\/ejecafeterorap.gov.co\/cartografia\/projects\/sistema-de-informacion-agro-productivo-de-la-rap-eje-cafetero\/\" class=\"icon\"><i class=\"fa fa-long-arrow-alt-right\"><\/i><\/a>\r\n        <\/div>\r\n        <div class=\"content-box\">\r\n\t\t\t\t\t\t\t\t\t\t\t<h4 class=\"title\"><a href=\"https:\/\/ejecafeterorap.gov.co\/cartografia\/projects\/sistema-de-informacion-agro-productivo-de-la-rap-eje-cafetero\/\">Sistema de informaci\u00f3n agro productivo de la RAP Eje Cafetero<\/a><\/h4>\r\n\t\t\t\t\t\r\n\t\t\t\t\t        <\/div>\r\n    <\/div>\r\n<\/div>                <\/div>\r\n                                                <div class=\"isotope-item cartografia\">\r\n                    <div class=\"projects-current-theme1\">\r\n    <div class=\"inner-box\">\r\n        <div class=\"image-box\">\r\n            <div class=\"image\">\r\n            \t<a href=\"https:\/\/ejecafeterorap.gov.co\/cartografia\/projects\/seguridad-hidrica-rap-eje-cafetero\/\" class=\"lightbox-image\">\r\n\t\t\t\t\t\t\t\t<img loading=\"lazy\" decoding=\"async\" width=\"700\" height=\"800\" src=\"https:\/\/ejecafeterorap.gov.co\/cartografia\/wp-content\/uploads\/sites\/14\/2025\/06\/hidrico.webp\" class=\"img-fullwidth wp-post-image\" alt=\"\" srcset=\"https:\/\/ejecafeterorap.gov.co\/cartografia\/wp-content\/uploads\/sites\/14\/2025\/06\/hidrico.webp 700w, https:\/\/ejecafeterorap.gov.co\/cartografia\/wp-content\/uploads\/sites\/14\/2025\/06\/hidrico-263x300.webp 263w\" sizes=\"(max-width: 700px) 100vw, 700px\" \/>            \t<\/a>\r\n            <\/div>\r\n            <a href=\"https:\/\/ejecafeterorap.gov.co\/cartografia\/projects\/seguridad-hidrica-rap-eje-cafetero\/\" class=\"icon\"><i class=\"fa fa-long-arrow-alt-right\"><\/i><\/a>\r\n        <\/div>\r\n        <div class=\"content-box\">\r\n\t\t\t\t\t\t\t\t\t\t\t<h4 class=\"title\"><a href=\"https:\/\/ejecafeterorap.gov.co\/cartografia\/projects\/seguridad-hidrica-rap-eje-cafetero\/\">Seguridad H\u00eddrica RAP EJE CAFETERO<\/a><\/h4>\r\n\t\t\t\t\t\r\n\t\t\t\t\t        <\/div>\r\n    <\/div>\r\n<\/div>                <\/div>\r\n                                <!-- end of the loop -->\r\n\t\t\t<\/div>\r\n\t\t<\/div>\r\n\t\t\t<\/div>\r\n\r\n\r\n\t\t\t\t<\/div>\n\t\t\t\t<\/div>\n\t\t\t\t\t<\/div>\n\t\t<\/div>\n\t\t\t\t\t<\/div>\n\t\t<\/section>\n\t\t\t\t<\/div>\n\t\t","protected":false},"excerpt":{"rendered":"<p>Sistema de informaci\u00f3n Usos y Vocaci\u00f3n del Suelo RAP Eje Cafetero. Sistema de informaci\u00f3n Gesti\u00f3n del riesgo de la RAP&#8230;<\/p>\n","protected":false},"author":3,"featured_media":0,"parent":0,"menu_order":0,"comment_status":"closed","ping_status":"closed","template":"","meta":{"footnotes":""},"class_list":["post-4660","page","type-page","status-publish","hentry"],"_links":{"self":[{"href":"https:\/\/ejecafeterorap.gov.co\/cartografia\/wp-json\/wp\/v2\/pages\/4660","targetHints":{"allow":["GET"]}}],"collection":[{"href":"https:\/\/ejecafeterorap.gov.co\/cartografia\/wp-json\/wp\/v2\/pages"}],"about":[{"href":"https:\/\/ejecafeterorap.gov.co\/cartografia\/wp-json\/wp\/v2\/types\/page"}],"author":[{"embeddable":true,"href":"https:\/\/ejecafeterorap.gov.co\/cartografia\/wp-json\/wp\/v2\/users\/3"}],"replies":[{"embeddable":true,"href":"https:\/\/ejecafeterorap.gov.co\/cartografia\/wp-json\/wp\/v2\/comments?post=4660"}],"version-history":[{"count":5,"href":"https:\/\/ejecafeterorap.gov.co\/cartografia\/wp-json\/wp\/v2\/pages\/4660\/revisions"}],"predecessor-version":[{"id":43012,"href":"https:\/\/ejecafeterorap.gov.co\/cartografia\/wp-json\/wp\/v2\/pages\/4660\/revisions\/43012"}],"wp:attachment":[{"href":"https:\/\/ejecafeterorap.gov.co\/cartografia\/wp-json\/wp\/v2\/media?parent=4660"}],"curies":[{"name":"wp","href":"https:\/\/api.w.org\/{rel}","templated":true}]}}